{"id":3679,"date":"2018-09-18T15:00:58","date_gmt":"2018-09-18T12:00:58","guid":{"rendered":"http:\/\/petterihyryla.fi\/blog\/?page_id=3679"},"modified":"2018-09-18T15:22:18","modified_gmt":"2018-09-18T12:22:18","slug":"matkat","status":"publish","type":"page","link":"https:\/\/petterihyryla.fi\/blog\/matkat\/","title":{"rendered":"Matkat"},"content":{"rendered":"<div class=\"wsp-container\"><h2 class=\"wsp-posts-title\">Posts by category<\/h2>\n<ul class=\"wsp-posts-list\">\n\t<li><strong class=\"wsp-category-title\"><a href=\"https:\/\/petterihyryla.fi\/blog\/category\/2009-8-saksaan\/\">2009-8 Saksaan<\/a><\/strong>\n<ul class=\"wsp-posts-list\">\t\t<li class=\"wsp-post\"><a href=\"https:\/\/petterihyryla.fi\/blog\/2009-8-saksaan\/8-ajettu-reitti\/\">Ajettu reitti ja analyysi<\/a><\/li>\n\t\t<li class=\"wsp-post\"><a href=\"https:\/\/petterihyryla.fi\/blog\/2009-8-saksaan\/7-14-8-cuxhafen-travemunde\/\">14.8 Cuxhafen-Travemunde<\/a><\/li>\n\t\t<li class=\"wsp-post\"><a href=\"https:\/\/petterihyryla.fi\/blog\/2009-8-saksaan\/6-13-8-osnabruck-cuxhafen\/\">13.8 Osnabruck-Cuxhafen<\/a><\/li>\n\t\t<li class=\"wsp-post\"><a href=\"https:\/\/petterihyryla.fi\/blog\/2009-8-saksaan\/5-12-8-tonenburg-osnabruck\/\">12.8 Tonenburg-Osnabruck<\/a><\/li>\n\t\t<li class=\"wsp-post\"><a href=\"https:\/\/petterihyryla.fi\/blog\/2009-8-saksaan\/4-11-8-harz-tonenburg\/\">11.8 Harz-Tonenburg<\/a><\/li>\n\t\t<li class=\"wsp-post\"><a href=\"https:\/\/petterihyryla.fi\/blog\/2009-8-saksaan\/3-10-8-celle-harz\/\">10.8 Celle-Harz<\/a><\/li>\n\t\t<li class=\"wsp-post\"><a href=\"https:\/\/petterihyryla.fi\/blog\/2009-8-saksaan\/9-8-lyypekki-celle\/\">9.8 Lyypekki-Celle<\/a><\/li>\n\t\t<li class=\"wsp-post\"><a href=\"https:\/\/petterihyryla.fi\/blog\/2009-8-saksaan\/1-8-8-imatra-lyypekki-de\/\">8.8 Imatra-Lyypekki (DE)<\/a><\/li>\n\t\t<li class=\"wsp-post\"><a href=\"https:\/\/petterihyryla.fi\/blog\/2009-8-saksaan\/01-valmistelut\/\">Valmistelut<\/a><\/li>\n<\/ul><\/li>\n\t<li><strong class=\"wsp-category-title\"><a href=\"https:\/\/petterihyryla.fi\/blog\/category\/2010-6-italiasta\/\">2010-6 Italiasta<\/a><\/strong>\n<ul class=\"wsp-posts-list\">\t\t<li class=\"wsp-post\"><a href=\"https:\/\/petterihyryla.fi\/blog\/2010-6-italiasta\/8-toteutunut-reitti\/\">Toteutunut reitti<\/a><\/li>\n\t\t<li class=\"wsp-post\"><a href=\"https:\/\/petterihyryla.fi\/blog\/2010-6-italiasta\/7-11-6-kiel-travemunde\/\">11.6 Kiel-Travemunde<\/a><\/li>\n\t\t<li class=\"wsp-post\"><a href=\"https:\/\/petterihyryla.fi\/blog\/2010-6-italiasta\/6-10-6-luneburg-kiel\/\">10.6 L\u00fcneburg-Kiel<\/a><\/li>\n\t\t<li class=\"wsp-post\"><a href=\"https:\/\/petterihyryla.fi\/blog\/2010-6-italiasta\/6-10-6-lorelei-luneburg\/\">9.6 Lorelei-L\u00fcneburg<\/a><\/li>\n\t\t<li class=\"wsp-post\"><a href=\"https:\/\/petterihyryla.fi\/blog\/2010-6-italiasta\/5-8-6-baden-baden-lorelei\/\">8.6 Baden-Baden-Lorelei<\/a><\/li>\n\t\t<li class=\"wsp-post\"><a href=\"https:\/\/petterihyryla.fi\/blog\/2010-6-italiasta\/4-7-6-lindau-baden-baden\/\">7.6 Lindau-Baden-Baden<\/a><\/li>\n\t\t<li class=\"wsp-post\"><a href=\"https:\/\/petterihyryla.fi\/blog\/2010-6-italiasta\/3-6-6-alpit-lindau\/\">6.6 Alpit-Lindau<\/a><\/li>\n\t\t<li class=\"wsp-post\"><a href=\"https:\/\/petterihyryla.fi\/blog\/2010-6-italiasta\/2-5-6-garda-alpit\/\">5.6 Garda-Alpit<\/a><\/li>\n\t\t<li class=\"wsp-post\"><a href=\"https:\/\/petterihyryla.fi\/blog\/2010-6-italiasta\/1-3-6-hki-venetsia\/\">3.6 Hki-Venetsia<\/a><\/li>\n<\/ul><\/li>\n\t<li><strong class=\"wsp-category-title\"><a href=\"https:\/\/petterihyryla.fi\/blog\/category\/2011-6-viroon\/\">2011-6 Viroon<\/a><\/strong>\n<ul class=\"wsp-posts-list\">\t\t<li class=\"wsp-post\"><a href=\"https:\/\/petterihyryla.fi\/blog\/2011-6-viroon\/3-29-5-tartto-imatra\/\">29.5 Tartto-Imatra<\/a><\/li>\n\t\t<li class=\"wsp-post\"><a href=\"https:\/\/petterihyryla.fi\/blog\/2011-6-viroon\/2-28-5-parnu-tartto\/\">28.5 P\u00e4rnu-Tartto<\/a><\/li>\n\t\t<li class=\"wsp-post\"><a href=\"https:\/\/petterihyryla.fi\/blog\/2011-6-viroon\/1-27-5-imatra-parnu\/\">27.5 Imatra-P\u00e4rnu<\/a><\/li>\n<\/ul><\/li>\n\t<li><strong class=\"wsp-category-title\"><a href=\"https:\/\/petterihyryla.fi\/blog\/category\/2011-8-9-kroatiaan\/\">2011-8-9 Kroatiaan<\/a><\/strong>\n<ul class=\"wsp-posts-list\">\t\t<li class=\"wsp-post\"><a href=\"https:\/\/petterihyryla.fi\/blog\/2011-8-9-kroatiaan\/00b-toteutunut-ajoreitti\/\">Toteutunut ajoreitti<\/a><\/li>\n\t\t<li class=\"wsp-post\"><a href=\"https:\/\/petterihyryla.fi\/blog\/2011-8-9-kroatiaan\/31-5-9-vicenza-milano\/\">5.9 Vicenza \u2013 Milano<\/a><\/li>\n\t\t<li class=\"wsp-post\"><a href=\"https:\/\/petterihyryla.fi\/blog\/2011-8-9-kroatiaan\/30-4-9-worthersee-vicenza\/\">4.9 W\u00f6rthersee &#8211; Vicenza<\/a><\/li>\n\t\t<li class=\"wsp-post\"><a href=\"https:\/\/petterihyryla.fi\/blog\/2011-8-9-kroatiaan\/29-3-9-worthersee\/\">3.9 W\u00f6rthersee<\/a><\/li>\n\t\t<li class=\"wsp-post\"><a href=\"https:\/\/petterihyryla.fi\/blog\/2011-8-9-kroatiaan\/28-2-9-graz-worthersee\/\">2.9 Graz &#8211; W\u00f6rthersee<\/a><\/li>\n\t\t<li class=\"wsp-post\"><a href=\"https:\/\/petterihyryla.fi\/blog\/2011-8-9-kroatiaan\/27-1-9-maribor-graz\/\">1.9 Maribor &#8211; Graz<\/a><\/li>\n\t\t<li class=\"wsp-post\"><a href=\"https:\/\/petterihyryla.fi\/blog\/2011-8-9-kroatiaan\/26-31-8-karlovac-maribor\/\">31.8 Karlovac \u2013Maribor<\/a><\/li>\n\t\t<li class=\"wsp-post\"><a href=\"https:\/\/petterihyryla.fi\/blog\/2011-8-9-kroatiaan\/25-30-8-opatija-karlovac\/\">30.8 Opatija -Karlovac<\/a><\/li>\n\t\t<li class=\"wsp-post\"><a href=\"https:\/\/petterihyryla.fi\/blog\/2011-8-9-kroatiaan\/23-29-8-opatija\/\">29.8 Opatija<\/a><\/li>\n\t\t<li class=\"wsp-post\"><a href=\"https:\/\/petterihyryla.fi\/blog\/2011-8-9-kroatiaan\/22-28-8-opatija\/\">28.8 Opatija<\/a><\/li>\n\t\t<li class=\"wsp-post\"><a href=\"https:\/\/petterihyryla.fi\/blog\/2011-8-9-kroatiaan\/21-27-8-venetsia-opatija\/\">27.8 Venetsia \u2013Opatija<\/a><\/li>\n\t\t<li class=\"wsp-post\"><a href=\"https:\/\/petterihyryla.fi\/blog\/2011-8-9-kroatiaan\/20-26-8-vicenza-venetsia\/\">26.8 Vicenza \u2013 Venetsia<\/a><\/li>\n\t\t<li class=\"wsp-post\"><a href=\"https:\/\/petterihyryla.fi\/blog\/2011-8-9-kroatiaan\/19-25-8-vicenza\/\">25.8 Vicenza<\/a><\/li>\n\t\t<li class=\"wsp-post\"><a href=\"https:\/\/petterihyryla.fi\/blog\/2011-8-9-kroatiaan\/18-24-8-verona-vicenza\/\">24.8 Verona &#8211; Vicenza<\/a><\/li>\n\t\t<li class=\"wsp-post\"><a href=\"https:\/\/petterihyryla.fi\/blog\/2011-8-9-kroatiaan\/12-23-8-brescia-verona\/\">23.8 Brescia \u2013 Verona<\/a><\/li>\n\t\t<li class=\"wsp-post\"><a href=\"https:\/\/petterihyryla.fi\/blog\/2011-8-9-kroatiaan\/11-22-8-lago-maggiore-brescia\/\">22.8 Lago Maggiore \u2013 Brescia<\/a><\/li>\n\t\t<li class=\"wsp-post\"><a href=\"https:\/\/petterihyryla.fi\/blog\/2011-8-9-kroatiaan\/10-21-8-lago-maggiore\/\">21.8 Lago Maggiore<\/a><\/li>\n\t\t<li class=\"wsp-post\"><a href=\"https:\/\/petterihyryla.fi\/blog\/2011-8-9-kroatiaan\/09-20-8-lago-maggiore\/\">20.8 Lago Maggiore<\/a><\/li>\n\t\t<li class=\"wsp-post\"><a href=\"https:\/\/petterihyryla.fi\/blog\/2011-8-9-kroatiaan\/08-19-8-schwarzwald-lago-maggiore\/\">19.8 Schwarzwald &#8211; Lago Maggiore<\/a><\/li>\n\t\t<li class=\"wsp-post\"><a href=\"https:\/\/petterihyryla.fi\/blog\/2011-8-9-kroatiaan\/07-18-8-schwarzwald\/\">18.8 Schwarzwald<\/a><\/li>\n\t\t<li class=\"wsp-post\"><a href=\"https:\/\/petterihyryla.fi\/blog\/2011-8-9-kroatiaan\/06-17-8-laachsee-schwarzwald\/\">17.8 Laachsee &#8211; Schwarzwald<\/a><\/li>\n\t\t<li class=\"wsp-post\"><a href=\"https:\/\/petterihyryla.fi\/blog\/2011-8-9-kroatiaan\/05-16-8-mosel\/\">16.8 Mosel<\/a><\/li>\n\t\t<li class=\"wsp-post\"><a href=\"https:\/\/petterihyryla.fi\/blog\/2011-8-9-kroatiaan\/04-15-8-dusseldorf-mosel\/\">15.8 Dusseldorf-Mosel<\/a><\/li>\n\t\t<li class=\"wsp-post\"><a href=\"https:\/\/petterihyryla.fi\/blog\/2011-8-9-kroatiaan\/03-14-8-travemunde-dusseldorf\/\">14.8 Travemunde &#8211; Dusseldorf<\/a><\/li>\n\t\t<li class=\"wsp-post\"><a href=\"https:\/\/petterihyryla.fi\/blog\/2011-8-9-kroatiaan\/02-helsinki-travemunde\/\">13.8 Helsinki-Travemunde<\/a><\/li>\n\t\t<li class=\"wsp-post\"><a href=\"https:\/\/petterihyryla.fi\/blog\/2011-8-9-kroatiaan\/01-imatra-helsinki\/\">12.8 Imatra Helsinki<\/a><\/li>\n\t\t<li class=\"wsp-post\"><a href=\"https:\/\/petterihyryla.fi\/blog\/2011-8-9-kroatiaan\/01-reittisuunnitelma\/\">Reittisuunnitelma<\/a><\/li>\n<\/ul><\/li>\n\t<li><strong class=\"wsp-category-title\"><a href=\"https:\/\/petterihyryla.fi\/blog\/category\/2012-06-itavaltaan\/\">2012-6 It\u00e4valtaan<\/a><\/strong>\n<ul class=\"wsp-posts-list\">\t\t<li class=\"wsp-post\"><a href=\"https:\/\/petterihyryla.fi\/blog\/2012-06-itavaltaan\/13-toteunut-reitti-nopeus-kulutus-yms\/\">Toteunut reitti, nopeus, kulutus yms.<\/a><\/li>\n\t\t<li class=\"wsp-post\"><a href=\"https:\/\/petterihyryla.fi\/blog\/2012-06-itavaltaan\/12-12-6-hki-imatra\/\">12.6 Hki-Imatra<\/a><\/li>\n\t\t<li class=\"wsp-post\"><a href=\"https:\/\/petterihyryla.fi\/blog\/2012-06-itavaltaan\/11-11-6-laivalla\/\">11.6 Laiva HKI &#8211; Travemunde DE<\/a><\/li>\n\t\t<li class=\"wsp-post\"><a href=\"https:\/\/petterihyryla.fi\/blog\/2012-06-itavaltaan\/10-10-6-bremen-travemunde\/\">10.6 Bremen &#8211; Travemunde<\/a><\/li>\n\t\t<li class=\"wsp-post\"><a href=\"https:\/\/petterihyryla.fi\/blog\/2012-06-itavaltaan\/09-9-6-bocholt-bremen\/\">9.6 Bocholt-Bremen<\/a><\/li>\n\t\t<li class=\"wsp-post\"><a href=\"https:\/\/petterihyryla.fi\/blog\/2012-06-itavaltaan\/08-8-6-epernay-bocholt\/\">8.6 Epernay-Bocholt (DE)<\/a><\/li>\n\t\t<li class=\"wsp-post\"><a href=\"https:\/\/petterihyryla.fi\/blog\/2012-06-itavaltaan\/07-7-6-toul-epernay\/\">7.6 Toul-Epernay<\/a><\/li>\n\t\t<li class=\"wsp-post\"><a href=\"https:\/\/petterihyryla.fi\/blog\/2012-06-itavaltaan\/06-6-6-titisee-toul\/\">6.6 Titisee &#8211; Toul (FRA)<\/a><\/li>\n\t\t<li class=\"wsp-post\"><a href=\"https:\/\/petterihyryla.fi\/blog\/2012-06-itavaltaan\/06-5-6-stanton-titisee\/\">5.6 StAnton-Titisee (DE)<\/a><\/li>\n\t\t<li class=\"wsp-post\"><a href=\"https:\/\/petterihyryla.fi\/blog\/2012-06-itavaltaan\/05-4-6-kaprun-st-anton\/\">4.6 Kaprun-StAnton<\/a><\/li>\n\t\t<li class=\"wsp-post\"><a href=\"https:\/\/petterihyryla.fi\/blog\/2012-06-itavaltaan\/04-3-6-munich-kaprun\/\">3.6 Munich &#8211; Kaprun (AUT)<\/a><\/li>\n\t\t<li class=\"wsp-post\"><a href=\"https:\/\/petterihyryla.fi\/blog\/2012-06-itavaltaan\/03-2-6-lubeck-munich\/\">2.6 Lubeck-Munich<\/a><\/li>\n\t\t<li class=\"wsp-post\"><a href=\"https:\/\/petterihyryla.fi\/blog\/2012-06-itavaltaan\/02-1-6-laiva-hki-travemunde\/\">1.6 Laiva Hki &#8211; Travemunde (DE)<\/a><\/li>\n\t\t<li class=\"wsp-post\"><a href=\"https:\/\/petterihyryla.fi\/blog\/2012-06-itavaltaan\/01-31-5-imatra-hki\/\">31.5 Imatra-Hki<\/a><\/li>\n\t\t<li class=\"wsp-post\"><a href=\"https:\/\/petterihyryla.fi\/blog\/2012-06-itavaltaan\/00-reittisuunnitelma\/\">Reittisuunnitelma<\/a><\/li>\n<\/ul><\/li>\n\t<li><strong class=\"wsp-category-title\"><a href=\"https:\/\/petterihyryla.fi\/blog\/category\/2013-6-viroon\/\">2013-6 Viroon<\/a><\/strong>\n<ul class=\"wsp-posts-list\">\t\t<li class=\"wsp-post\"><a href=\"https:\/\/petterihyryla.fi\/blog\/2013-6-viroon\/9-6-haapsalu-imatra\/\">9.6 Haapsalu-Imatra<\/a><\/li>\n\t\t<li class=\"wsp-post\"><a href=\"https:\/\/petterihyryla.fi\/blog\/2013-6-viroon\/8-6-ontika-haapsalu\/\">8.6 Ontika-Haapsalu<\/a><\/li>\n\t\t<li class=\"wsp-post\"><a href=\"https:\/\/petterihyryla.fi\/blog\/2013-6-viroon\/7-6-tallinna-ontika-manor\/\">7.6 Tallinna-Ontika Manor<\/a><\/li>\n\t\t<li class=\"wsp-post\"><a href=\"https:\/\/petterihyryla.fi\/blog\/2013-6-viroon\/6-6-2013-imatra-hki\/\">6.6.2013 Imatra-Hki<\/a><\/li>\n\t\t<li class=\"wsp-post\"><a href=\"https:\/\/petterihyryla.fi\/blog\/2013-6-viroon\/matkasuunnitelma-2\/\">Matkasuunnitelma<\/a><\/li>\n<\/ul><\/li>\n\t<li><strong class=\"wsp-category-title\"><a href=\"https:\/\/petterihyryla.fi\/blog\/category\/2013-8-9-italiaan\/\">2013-8-9 Italiaan<\/a><\/strong>\n<ul class=\"wsp-posts-list\">\t\t<li class=\"wsp-post\"><a href=\"https:\/\/petterihyryla.fi\/blog\/2013-8-9-italiaan\/toteunut-reitti-ja-muut-tiedot\/\">Toteunut reitti ja muut tiedot<\/a><\/li>\n\t\t<li class=\"wsp-post\"><a href=\"https:\/\/petterihyryla.fi\/blog\/2013-8-9-italiaan\/16-9-vicenza-koti\/\">16.9 Vicenza &#8211; koti<\/a><\/li>\n\t\t<li class=\"wsp-post\"><a href=\"https:\/\/petterihyryla.fi\/blog\/2013-8-9-italiaan\/15-9-rimini-vicenza\/\">15.9 Rimini &#8211; Vicenza<\/a><\/li>\n\t\t<li class=\"wsp-post\"><a href=\"https:\/\/petterihyryla.fi\/blog\/2013-8-9-italiaan\/14-9-misano\/\">14.9 Misano<\/a><\/li>\n\t\t<li class=\"wsp-post\"><a href=\"https:\/\/petterihyryla.fi\/blog\/2013-8-9-italiaan\/13-9-viareggio-rimini\/\">13.9 Viareggio &#8211; Rimini<\/a><\/li>\n\t\t<li class=\"wsp-post\"><a href=\"https:\/\/petterihyryla.fi\/blog\/2013-8-9-italiaan\/12-9-siena-viareggio\/\">12.9 Siena &#8211; Viareggio<\/a><\/li>\n\t\t<li class=\"wsp-post\"><a href=\"https:\/\/petterihyryla.fi\/blog\/2013-8-9-italiaan\/11-9-siena\/\">11.9 Siena<\/a><\/li>\n\t\t<li class=\"wsp-post\"><a href=\"https:\/\/petterihyryla.fi\/blog\/2013-8-9-italiaan\/10-9-orbetello-siena\/\">10.9 Orbetello &#8211; Siena<\/a><\/li>\n\t\t<li class=\"wsp-post\"><a href=\"https:\/\/petterihyryla.fi\/blog\/2013-8-9-italiaan\/9-9-cortona-orbetello\/\">9.9 Cortona &#8211; Orbetello<\/a><\/li>\n\t\t<li class=\"wsp-post\"><a href=\"https:\/\/petterihyryla.fi\/blog\/2013-8-9-italiaan\/8-9-venice-cortona\/\">8.9 Venice &#8211; Cortona<\/a><\/li>\n\t\t<li class=\"wsp-post\"><a href=\"https:\/\/petterihyryla.fi\/blog\/2013-8-9-italiaan\/7-9-vicenza-venetsia\/\">7.9 Vicenza &#8211; Venetsia<\/a><\/li>\n\t\t<li class=\"wsp-post\"><a href=\"https:\/\/petterihyryla.fi\/blog\/2013-8-9-italiaan\/6-9-cortina-vicenza\/\">6.9 Cortina &#8211; Vicenza<\/a><\/li>\n\t\t<li class=\"wsp-post\"><a href=\"https:\/\/petterihyryla.fi\/blog\/2013-8-9-italiaan\/5-9-bled-cortina\/\">5.9 Bled &#8211; Cortina (IT)<\/a><\/li>\n\t\t<li class=\"wsp-post\"><a href=\"https:\/\/petterihyryla.fi\/blog\/2013-8-9-italiaan\/4-9-bled\/\">4.9 Bled<\/a><\/li>\n\t\t<li class=\"wsp-post\"><a href=\"https:\/\/petterihyryla.fi\/blog\/2013-8-9-italiaan\/3-9-budapest-bled\/\">3.9 Budapest &#8211; Bled (SLO)<\/a><\/li>\n\t\t<li class=\"wsp-post\"><a href=\"https:\/\/petterihyryla.fi\/blog\/2013-8-9-italiaan\/2-9-budapest\/\">2.9 Budapest<\/a><\/li>\n\t\t<li class=\"wsp-post\"><a href=\"https:\/\/petterihyryla.fi\/blog\/2013-8-9-italiaan\/1-9-kalte-kuchl-budapest\/\">1.9 Kalte Kuchl &#8211; Budapest (HU)<\/a><\/li>\n\t\t<li class=\"wsp-post\"><a href=\"https:\/\/petterihyryla.fi\/blog\/2013-8-9-italiaan\/31-8-bodenfor-kalte-kuchl\/\">31.8 Bodenf\u00f6r-Kalte Kuchl (A)<\/a><\/li>\n\t\t<li class=\"wsp-post\"><a href=\"https:\/\/petterihyryla.fi\/blog\/2013-8-9-italiaan\/30-8-leipzig-bodenfohr\/\">30.8 Leipzig-Bodenf\u00f6hr<\/a><\/li>\n\t\t<li class=\"wsp-post\"><a href=\"https:\/\/petterihyryla.fi\/blog\/2013-8-9-italiaan\/29-8-lubeck-leipzig\/\">29.8 Lubeck (DE) &#8211; Leipzig<\/a><\/li>\n\t\t<li class=\"wsp-post\"><a href=\"https:\/\/petterihyryla.fi\/blog\/2013-8-9-italiaan\/28-8-laivalla\/\">28.8 Laivalla<\/a><\/li>\n\t\t<li class=\"wsp-post\"><a href=\"https:\/\/petterihyryla.fi\/blog\/2013-8-9-italiaan\/27-8-imatra-hki\/\">27.8 Imatra-Hki<\/a><\/li>\n\t\t<li class=\"wsp-post\"><a href=\"https:\/\/petterihyryla.fi\/blog\/2013-8-9-italiaan\/matkasuunnitelma-3\/\">Matkasuunnitelma<\/a><\/li>\n<\/ul><\/li>\n\t<li><strong class=\"wsp-category-title\"><a href=\"https:\/\/petterihyryla.fi\/blog\/category\/2014-6-motopark\/\">2014-6 Motopark<\/a><\/strong>\n<ul class=\"wsp-posts-list\">\t\t<li class=\"wsp-post\"><a href=\"https:\/\/petterihyryla.fi\/blog\/2014-6-motopark\/7-6-motopark-ratapaiva-2\/\">7.6 Motopark ratap\u00e4iv\u00e4<\/a><\/li>\n\t\t<li class=\"wsp-post\"><a href=\"https:\/\/petterihyryla.fi\/blog\/2014-6-motopark\/6-6-motopark-perjantai-ilta\/\">6.6. Motopark perjantai-ilta<\/a><\/li>\n<\/ul><\/li>\n\t<li><strong class=\"wsp-category-title\"><a href=\"https:\/\/petterihyryla.fi\/blog\/category\/2014-8-9-pyreneille\/\">2014-8-9 Pyreneille<\/a><\/strong>\n<ul class=\"wsp-posts-list\">\t\t<li class=\"wsp-post\"><a href=\"https:\/\/petterihyryla.fi\/blog\/2014-8-9-pyreneille\/toteutunut-reitti\/\">Toteutunut reitti<\/a><\/li>\n\t\t<li class=\"wsp-post\"><a href=\"https:\/\/petterihyryla.fi\/blog\/2014-8-9-pyreneille\/7-9-alba-milano\/\">7.9 Alba &#8211; Milano<\/a><\/li>\n\t\t<li class=\"wsp-post\"><a href=\"https:\/\/petterihyryla.fi\/blog\/2014-8-9-pyreneille\/6-9-nizza-alba-ita\/\">6.9 Nizza &#8211; Alba (ITA)<\/a><\/li>\n\t\t<li class=\"wsp-post\"><a href=\"https:\/\/petterihyryla.fi\/blog\/2014-8-9-pyreneille\/5-9-nizza\/\">5.9 Nizza<\/a><\/li>\n\t\t<li class=\"wsp-post\"><a href=\"https:\/\/petterihyryla.fi\/blog\/2014-8-9-pyreneille\/4-9-saint-tropez-nizza\/\">4.9 Saint Tropez &#8211; Nizza<\/a><\/li>\n\t\t<li class=\"wsp-post\"><a href=\"https:\/\/petterihyryla.fi\/blog\/2014-8-9-pyreneille\/3-9-portiragnes-st-tropez\/\">3.9 Portiragnes &#8211; St Tropez<\/a><\/li>\n\t\t<li class=\"wsp-post\"><a href=\"https:\/\/petterihyryla.fi\/blog\/2014-8-9-pyreneille\/2-9-st-girons-portiragnes\/\">2.9 St-Girons &#8211; Portiragnes<\/a><\/li>\n\t\t<li class=\"wsp-post\"><a href=\"https:\/\/petterihyryla.fi\/blog\/2014-8-9-pyreneille\/1-9-ainsa-st-girons-f\/\">1.9 Ainsa &#8211; St-Girons (F)<\/a><\/li>\n\t\t<li class=\"wsp-post\"><a href=\"https:\/\/petterihyryla.fi\/blog\/2014-8-9-pyreneille\/31-8-andorra-ainsa\/\">31.8 Andorra &#8211; Ainsa<\/a><\/li>\n\t\t<li class=\"wsp-post\"><a href=\"https:\/\/petterihyryla.fi\/blog\/2014-8-9-pyreneille\/30-8-barcelona-andorra\/\">30.8 Barcelona &#8211; Andorra<\/a><\/li>\n\t\t<li class=\"wsp-post\"><a href=\"https:\/\/petterihyryla.fi\/blog\/2014-8-9-pyreneille\/29-8-saint-cyprien-barcelona\/\">29.8 Saint-Cyprien &#8211; Barcelona (ES)<\/a><\/li>\n\t\t<li class=\"wsp-post\"><a href=\"https:\/\/petterihyryla.fi\/blog\/2014-8-9-pyreneille\/28-8-sommieres-saint-cyprien\/\">28.8 Sommieres &#8211; Saint-Cyprien<\/a><\/li>\n\t\t<li class=\"wsp-post\"><a href=\"https:\/\/petterihyryla.fi\/blog\/2014-8-9-pyreneille\/27-8-annecy-sommieres\/\">27.8 Annecy &#8211; Sommieres<\/a><\/li>\n\t\t<li class=\"wsp-post\"><a href=\"https:\/\/petterihyryla.fi\/blog\/2014-8-9-pyreneille\/26-8-annecy\/\">26.8 Annecy<\/a><\/li>\n\t\t<li class=\"wsp-post\"><a href=\"https:\/\/petterihyryla.fi\/blog\/2014-8-9-pyreneille\/25-8-bad-sackingen-annecy\/\">25.8 Bad S\u00e4ckingen &#8211; Annecy (F)<\/a><\/li>\n\t\t<li class=\"wsp-post\"><a href=\"https:\/\/petterihyryla.fi\/blog\/2014-8-9-pyreneille\/24-8-zug-bad-sackingen\/\">24.8 Zug &#8211; Bad S\u00e4ckingen (DE)<\/a><\/li>\n\t\t<li class=\"wsp-post\"><a href=\"https:\/\/petterihyryla.fi\/blog\/2014-8-9-pyreneille\/23-8-milano-zug-chf\/\">23.8 Milano &#8211; Zug (CHF)<\/a><\/li>\n\t\t<li class=\"wsp-post\"><a href=\"https:\/\/petterihyryla.fi\/blog\/2014-8-9-pyreneille\/22-8-hki-milano\/\">22.8 Hki &#8211; Milano (IT)<\/a><\/li>\n\t\t<li class=\"wsp-post\"><a href=\"https:\/\/petterihyryla.fi\/blog\/2014-8-9-pyreneille\/14-8-imatra-helsinki\/\">14.8 Imatra &#8211; Helsinki<\/a><\/li>\n\t\t<li class=\"wsp-post\"><a href=\"https:\/\/petterihyryla.fi\/blog\/2014-8-9-pyreneille\/matkasuunnitelma\/\">Matkasuunnitelma<\/a><\/li>\n<\/ul><\/li>\n\t<li><strong class=\"wsp-category-title\"><a href=\"https:\/\/petterihyryla.fi\/blog\/category\/2015-6-valamoon\/\">2015-6 Valamoon<\/a><\/strong>\n<ul class=\"wsp-posts-list\">\t\t<li class=\"wsp-post\"><a href=\"https:\/\/petterihyryla.fi\/blog\/2015-6-valamoon\/toteutunut-reitti-2\/\">Toteutunut reitti<\/a><\/li>\n\t\t<li class=\"wsp-post\"><a href=\"https:\/\/petterihyryla.fi\/blog\/2015-6-valamoon\/13-6-kakovesi-imatra\/\">13.6 K\u00e4k\u00f6vesi-Imatra<\/a><\/li>\n\t\t<li class=\"wsp-post\"><a href=\"https:\/\/petterihyryla.fi\/blog\/2015-6-valamoon\/12-6-imatra-kakovesi\/\">12.6 Imatra-K\u00e4k\u00f6vesi<\/a><\/li>\n\t\t<li class=\"wsp-post\"><a href=\"https:\/\/petterihyryla.fi\/blog\/2015-6-valamoon\/matkasuunnitelma-4\/\">Matkasuunnitelma<\/a><\/li>\n<\/ul><\/li>\n\t<li><strong class=\"wsp-category-title\"><a href=\"https:\/\/petterihyryla.fi\/blog\/category\/2015-8-wieniin\/\">2015-8 Wieniin<\/a><\/strong>\n<ul class=\"wsp-posts-list\">\t\t<li class=\"wsp-post\"><a href=\"https:\/\/petterihyryla.fi\/blog\/2015-8-wieniin\/toteutunut-reitti-ja-kommentit\/\">Toteutunut reitti ja kommentit<\/a><\/li>\n\t\t<li class=\"wsp-post\"><a href=\"https:\/\/petterihyryla.fi\/blog\/2015-8-wieniin\/30-8-hki-imatra\/\">30.8 Hki &#8211; Imatra<\/a><\/li>\n\t\t<li class=\"wsp-post\"><a href=\"https:\/\/petterihyryla.fi\/blog\/2015-8-wieniin\/29-8-laivalla\/\">29.8 Laivalla<\/a><\/li>\n\t\t<li class=\"wsp-post\"><a href=\"https:\/\/petterihyryla.fi\/blog\/2015-8-wieniin\/28-8-schwerin-travemunde\/\">28.8 Schwerin &#8211; Travem\u00fcnde<\/a><\/li>\n\t\t<li class=\"wsp-post\"><a href=\"https:\/\/petterihyryla.fi\/blog\/2015-8-wieniin\/27-8-berliini-schwerin\/\">27.8 Berliini &#8211; Schwerin<\/a><\/li>\n\t\t<li class=\"wsp-post\"><a href=\"https:\/\/petterihyryla.fi\/blog\/2015-8-wieniin\/26-8-berliini\/\">26.8 Berliini<\/a><\/li>\n\t\t<li class=\"wsp-post\"><a href=\"https:\/\/petterihyryla.fi\/blog\/2015-8-wieniin\/25-8-dresden-berliini\/\">25.8 Dresden &#8211; Berliini<\/a><\/li>\n\t\t<li class=\"wsp-post\"><a href=\"https:\/\/petterihyryla.fi\/blog\/2015-8-wieniin\/24-8-ceske-budejovice-dresden-de\/\">24.8 \u010cesk\u00e9 Bud\u011bjovice &#8211; Dresden (DE)<\/a><\/li>\n\t\t<li class=\"wsp-post\"><a href=\"https:\/\/petterihyryla.fi\/blog\/2015-8-wieniin\/23-8-wien-ceske-budejovice\/\">23.8 Wien &#8211; \u010cesk\u00e9 Bud\u011bjovice (CZ)<\/a><\/li>\n\t\t<li class=\"wsp-post\"><a href=\"https:\/\/petterihyryla.fi\/blog\/2015-8-wieniin\/22-8-waidhofen-an-der-ybbs-wien\/\">22.8 Waidhofen an der Ybbs &#8211; Wien<\/a><\/li>\n\t\t<li class=\"wsp-post\"><a href=\"https:\/\/petterihyryla.fi\/blog\/2015-8-wieniin\/21-8-altenmarkt-im-pongau-waidhofen-an-der-ybbs\/\">21.8 Altenmarkt im Pongau &#8211; Waidhofen an der Ybbs<\/a><\/li>\n\t\t<li class=\"wsp-post\"><a href=\"https:\/\/petterihyryla.fi\/blog\/2015-8-wieniin\/20-8-munchen-altenmarkt-im-pongau-at\/\">20.8 M\u00fcnchen &#8211; Altenmarkt im Pongau (AT)<\/a><\/li>\n\t\t<li class=\"wsp-post\"><a href=\"https:\/\/petterihyryla.fi\/blog\/2015-8-wieniin\/19-8-bamberg-munchen\/\">19.8 Bamberg &#8211; M\u00fcnchen<\/a><\/li>\n\t\t<li class=\"wsp-post\"><a href=\"https:\/\/petterihyryla.fi\/blog\/2015-8-wieniin\/18-8-frankfurt-bamberg\/\">18.8 Frankfurt &#8211; Bamberg<\/a><\/li>\n\t\t<li class=\"wsp-post\"><a href=\"https:\/\/petterihyryla.fi\/blog\/2015-8-wieniin\/17-8-frankfurt-am-main\/\">17.8 Frankfurt am Main<\/a><\/li>\n\t\t<li class=\"wsp-post\"><a href=\"https:\/\/petterihyryla.fi\/blog\/2015-8-wieniin\/16-8-tonenburg-frankfurt\/\">16.8 Tonenburg &#8211; Frankfurt<\/a><\/li>\n\t\t<li class=\"wsp-post\"><a href=\"https:\/\/petterihyryla.fi\/blog\/2015-8-wieniin\/15-8-lubeck-tonenburg\/\">15.8 L\u00fcbeck &#8211; Tonenburg<\/a><\/li>\n\t\t<li class=\"wsp-post\"><a href=\"https:\/\/petterihyryla.fi\/blog\/2015-8-wieniin\/14-8-laivalla\/\">14.8 Laivalla<\/a><\/li>\n\t\t<li class=\"wsp-post\"><a href=\"https:\/\/petterihyryla.fi\/blog\/2015-8-wieniin\/13-8-imatra-hki\/\">13.8 Imatra-Hki<\/a><\/li>\n\t\t<li class=\"wsp-post\"><a href=\"https:\/\/petterihyryla.fi\/blog\/2015-8-wieniin\/reittisuunnitelma-2015\/\">Reittisuunnitelma 2015<\/a><\/li>\n<\/ul><\/li>\n\t<li><strong class=\"wsp-category-title\"><a href=\"https:\/\/petterihyryla.fi\/blog\/category\/2016-8-9-ardenneille\/\">2016-8-9 Ardenneille<\/a><\/strong>\n<ul class=\"wsp-posts-list\">\t\t<li class=\"wsp-post\"><a href=\"https:\/\/petterihyryla.fi\/blog\/2016-8-9-ardenneille\/toteunut-reitti-ja-kommentit\/\">Toteunut reitti ja kommentit<\/a><\/li>\n\t\t<li class=\"wsp-post\"><a href=\"https:\/\/petterihyryla.fi\/blog\/2016-8-9-ardenneille\/5-9-helsinki-imatra\/\">5.9 Helsinki &#8211; Imatra<\/a><\/li>\n\t\t<li class=\"wsp-post\"><a href=\"https:\/\/petterihyryla.fi\/blog\/2016-8-9-ardenneille\/4-9-laivalla\/\">4.9 Laivalla<\/a><\/li>\n\t\t<li class=\"wsp-post\"><a href=\"https:\/\/petterihyryla.fi\/blog\/2016-8-9-ardenneille\/3-9-steinhude-travemunde\/\">3.9 Steinhude &#8211; Travem\u00fcnde<\/a><\/li>\n\t\t<li class=\"wsp-post\"><a href=\"https:\/\/petterihyryla.fi\/blog\/2016-8-9-ardenneille\/2-9-brilon-steinhude\/\">2.9 Brilon &#8211; Steinhude<\/a><\/li>\n\t\t<li class=\"wsp-post\"><a href=\"https:\/\/petterihyryla.fi\/blog\/2016-8-9-ardenneille\/1-9-nijmeegen-brilon-d\/\">1.9 Nijmeegen &#8211; Brilon (D)<\/a><\/li>\n\t\t<li class=\"wsp-post\"><a href=\"https:\/\/petterihyryla.fi\/blog\/2016-8-9-ardenneille\/1-9-gent-nijmegen-nl\/\">31.8 Gent &#8211; Nijmegen (NL)<\/a><\/li>\n\t\t<li class=\"wsp-post\"><a href=\"https:\/\/petterihyryla.fi\/blog\/2016-8-9-ardenneille\/30-8-brysseli-gent\/\">30.8 Brysseli &#8211; Gent<\/a><\/li>\n\t\t<li class=\"wsp-post\"><a href=\"https:\/\/petterihyryla.fi\/blog\/2016-8-9-ardenneille\/29-8-rocroi-brusseli\/\">29.8 Rocroi &#8211; Br\u00fcsseli (B)<\/a><\/li>\n\t\t<li class=\"wsp-post\"><a href=\"https:\/\/petterihyryla.fi\/blog\/2016-8-9-ardenneille\/28-8-thionville-rocroi\/\">28.8 Thionville &#8211; Rocroi<\/a><\/li>\n\t\t<li class=\"wsp-post\"><a href=\"https:\/\/petterihyryla.fi\/blog\/2016-8-9-ardenneille\/27-8-heidelberg-thionville-f\/\">27.8 Heidelberg &#8211; Thionville (F)<\/a><\/li>\n\t\t<li class=\"wsp-post\"><a href=\"https:\/\/petterihyryla.fi\/blog\/2016-8-9-ardenneille\/26-8-frankfurth-heidelberg\/\">26.8 Frankfurth &#8211; Heidelberg<\/a><\/li>\n\t\t<li class=\"wsp-post\"><a href=\"https:\/\/petterihyryla.fi\/blog\/2016-8-9-ardenneille\/25-8-lowenhertz-frankfurth\/\">25.8 L\u00f6wenhertz &#8211; Frankfurth<\/a><\/li>\n\t\t<li class=\"wsp-post\"><a href=\"https:\/\/petterihyryla.fi\/blog\/2016-8-9-ardenneille\/24-8-lubeck-lowenhertz\/\">24.8 L\u00fcbeck-L\u00f6wenhertz<\/a><\/li>\n\t\t<li class=\"wsp-post\"><a href=\"https:\/\/petterihyryla.fi\/blog\/2016-8-9-ardenneille\/23-8-merella\/\">23.8 Merell\u00e4<\/a><\/li>\n\t\t<li class=\"wsp-post\"><a href=\"https:\/\/petterihyryla.fi\/blog\/2016-8-9-ardenneille\/22-8-imatra-hki\/\">22.8 Imatra-Hki<\/a><\/li>\n\t\t<li class=\"wsp-post\"><a href=\"https:\/\/petterihyryla.fi\/blog\/2016-8-9-ardenneille\/reittisuunnitelma\/\">Reittisuunnitelma 2016<\/a><\/li>\n<\/ul><\/li>\n\t<li><strong class=\"wsp-category-title\"><a href=\"https:\/\/petterihyryla.fi\/blog\/category\/2017-8-lofooteille\/\">2017-8 Lofooteille<\/a><\/strong>\n<ul class=\"wsp-posts-list\">\t\t<li class=\"wsp-post\"><a href=\"https:\/\/petterihyryla.fi\/blog\/2017-8-lofooteille\/toteutunut-reitti-ja-loppupaatelmat\/\">Toteutunut reitti ja loppup\u00e4\u00e4telm\u00e4t<\/a><\/li>\n\t\t<li class=\"wsp-post\"><a href=\"https:\/\/petterihyryla.fi\/blog\/2017-8-lofooteille\/20-8-joensuu-imatra\/\">20.8 Joensuu-Imatra<\/a><\/li>\n\t\t<li class=\"wsp-post\"><a href=\"https:\/\/petterihyryla.fi\/blog\/2017-8-lofooteille\/19-8-suomussalmi-joensuu\/\">19.8 Suomussalmi-Joensuu<\/a><\/li>\n\t\t<li class=\"wsp-post\"><a href=\"https:\/\/petterihyryla.fi\/blog\/2017-8-lofooteille\/18-8-oulu-suomussalmi\/\">18.8 Oulu-Suomussalmi<\/a><\/li>\n\t\t<li class=\"wsp-post\"><a href=\"https:\/\/petterihyryla.fi\/blog\/2017-8-lofooteille\/17-8-lulea-oulu-fin\/\">17.8 Lule\u00e5-Oulu (FIN)<\/a><\/li>\n\t\t<li class=\"wsp-post\"><a href=\"https:\/\/petterihyryla.fi\/blog\/2017-8-lofooteille\/16-8-rognan-lulea-s\/\">16.8 Rognan-Lule\u00e5 (S)<\/a><\/li>\n\t\t<li class=\"wsp-post\"><a href=\"https:\/\/petterihyryla.fi\/blog\/2017-8-lofooteille\/15-8-svolvar-rognan\/\">15.8 Svolvar-Rognan<\/a><\/li>\n\t\t<li class=\"wsp-post\"><a href=\"https:\/\/petterihyryla.fi\/blog\/2017-8-lofooteille\/14-8-svolvaer\/\">14.8 Svolvaer<\/a><\/li>\n\t\t<li class=\"wsp-post\"><a href=\"https:\/\/petterihyryla.fi\/blog\/2017-8-lofooteille\/13-8-narvik-svolvaer\/\">13.8 Narvik-Svolvaer<\/a><\/li>\n\t\t<li class=\"wsp-post\"><a href=\"https:\/\/petterihyryla.fi\/blog\/2017-8-lofooteille\/12-8-kolari-narvik-n\/\">12.8 Kolari-Narvik (N)<\/a><\/li>\n\t\t<li class=\"wsp-post\"><a href=\"https:\/\/petterihyryla.fi\/blog\/2017-8-lofooteille\/11-8-imatra-kolari\/\">11.8 Imatra-Kolari<\/a><\/li>\n\t\t<li class=\"wsp-post\"><a href=\"https:\/\/petterihyryla.fi\/blog\/2017-8-lofooteille\/reittisuunnitelma-2017\/\">Reittisuunnitelma 2017<\/a><\/li>\n<\/ul><\/li>\n\t<li><strong class=\"wsp-category-title\"><a href=\"https:\/\/petterihyryla.fi\/blog\/category\/2018-8-9-italiasta\/\">2018-8-9 Italiasta<\/a><\/strong>\n<ul class=\"wsp-posts-list\">\t\t<li class=\"wsp-post\"><a href=\"https:\/\/petterihyryla.fi\/blog\/2018-8-9-italiasta\/toteutunut-reitti-ja-loppupaatelmat-2\/\">Toteutunut reitti ja loppup\u00e4\u00e4telm\u00e4t<\/a><\/li>\n\t\t<li class=\"wsp-post\"><a href=\"https:\/\/petterihyryla.fi\/blog\/2018-8-9-italiasta\/2-3-9-travemunde-imatra\/\">2-3.9 Travem\u00fcnde &#8211; Imatra<\/a><\/li>\n\t\t<li class=\"wsp-post\"><a href=\"https:\/\/petterihyryla.fi\/blog\/2018-8-9-italiasta\/1-9-hamburg-travemunde\/\">1.9 Hamburg &#8211; Travem\u00fcnde<\/a><\/li>\n\t\t<li class=\"wsp-post\"><a href=\"https:\/\/petterihyryla.fi\/blog\/2018-8-9-italiasta\/31-8-bochum-hamburg\/\">31.8 Bochum &#8211; Hamburg<\/a><\/li>\n\t\t<li class=\"wsp-post\"><a href=\"https:\/\/petterihyryla.fi\/blog\/2018-8-9-italiasta\/30-8-trier-bochum\/\">30.8 Trier &#8211; Bochum<\/a><\/li>\n\t\t<li class=\"wsp-post\"><a href=\"https:\/\/petterihyryla.fi\/blog\/2018-8-9-italiasta\/29-9-stuttgart-trier\/\">29.9 Stuttgart &#8211; Trier<\/a><\/li>\n\t\t<li class=\"wsp-post\"><a href=\"https:\/\/petterihyryla.fi\/blog\/2018-8-9-italiasta\/28-8-stuttgart\/\">28.8 Stuttgart<\/a><\/li>\n\t\t<li class=\"wsp-post\"><a href=\"https:\/\/petterihyryla.fi\/blog\/2018-8-9-italiasta\/27-8-baden-baden-stuttgart\/\">27.8 Baden-Baden &#8211; Stuttgart<\/a><\/li>\n\t\t<li class=\"wsp-post\"><a href=\"https:\/\/petterihyryla.fi\/blog\/2018-8-9-italiasta\/26-8-friedrichshafen-baden-baden\/\">26.8 Friedrichshafen &#8211; Baden Baden<\/a><\/li>\n\t\t<li class=\"wsp-post\"><a href=\"https:\/\/petterihyryla.fi\/blog\/2018-8-9-italiasta\/25-8-munchen-friedrichshafen\/\">25.8 M\u00fcnchen &#8211; Friedrichshafen<\/a><\/li>\n\t\t<li class=\"wsp-post\"><a href=\"https:\/\/petterihyryla.fi\/blog\/2018-8-9-italiasta\/24-8-munchen\/\">24.8 M\u00fcnchen<\/a><\/li>\n\t\t<li class=\"wsp-post\"><a href=\"https:\/\/petterihyryla.fi\/blog\/2018-8-9-italiasta\/23-8-salzburg-munchend\/\">23.8 Salzburg &#8211; M\u00fcnchen(D)<\/a><\/li>\n\t\t<li class=\"wsp-post\"><a href=\"https:\/\/petterihyryla.fi\/blog\/2018-8-9-italiasta\/22-8-berchtesgaden-salzburga\/\">22.8 Berchtesgaden -Salzburg(A)<\/a><\/li>\n\t\t<li class=\"wsp-post\"><a href=\"https:\/\/petterihyryla.fi\/blog\/2018-8-9-italiasta\/21-8-kitzbuhel-berchtesgadend\/\">21.8 Kitzb\u00fchel &#8211; Berchtesgaden(D)<\/a><\/li>\n\t\t<li class=\"wsp-post\"><a href=\"https:\/\/petterihyryla.fi\/blog\/2018-8-9-italiasta\/20-8-lienz-kitzbuhel\/\">20.8 Lienz &#8211; Kitzb\u00fchel<\/a><\/li>\n\t\t<li class=\"wsp-post\"><a href=\"https:\/\/petterihyryla.fi\/blog\/2018-8-9-italiasta\/19-8-s-m-d-castrozza-lienza\/\">19.8 S.M.d.Castrozza &#8211; Lienz(A)<\/a><\/li>\n\t\t<li class=\"wsp-post\"><a href=\"https:\/\/petterihyryla.fi\/blog\/2018-8-9-italiasta\/18-8-malcesine-san-martino-di-castrozza\/\">18.8 Malcesine &#8211; S.Mart.diCastrozza<\/a><\/li>\n\t\t<li class=\"wsp-post\"><a href=\"https:\/\/petterihyryla.fi\/blog\/2018-8-9-italiasta\/17-8-malcesine\/\">17.8 Malcesine<\/a><\/li>\n\t\t<li class=\"wsp-post\"><a href=\"https:\/\/petterihyryla.fi\/blog\/2018-8-9-italiasta\/16-8-bergamo-malcesine\/\">16.8 Bergamo-Malcesine<\/a><\/li>\n\t\t<li class=\"wsp-post\"><a href=\"https:\/\/petterihyryla.fi\/blog\/2018-8-9-italiasta\/8-8-pyoran-vienti-vantaalle\/\">8.8 Py\u00f6r\u00e4n vienti Vantaalle<\/a><\/li>\n\t\t<li class=\"wsp-post\"><a href=\"https:\/\/petterihyryla.fi\/blog\/2018-8-9-italiasta\/reittisuunnitelma-2018\/\">Reittisuunnitelma 2018<\/a><\/li>\n<\/ul><\/li>\n\t<li><strong class=\"wsp-category-title\"><a href=\"https:\/\/petterihyryla.fi\/blog\/category\/2019-8-lounaissuomeen\/\">2019-8 LounaisSuomeen<\/a><\/strong>\n<ul class=\"wsp-posts-list\">\t\t<li class=\"wsp-post\"><a href=\"https:\/\/petterihyryla.fi\/blog\/2019-8-lounaissuomeen\/toteutunut-reitti-ja-loppupaatelmat-3\/\">Toteutunut reitti ja loppup\u00e4\u00e4telm\u00e4t<\/a><\/li>\n\t\t<li class=\"wsp-post\"><a href=\"https:\/\/petterihyryla.fi\/blog\/2019-8-lounaissuomeen\/15-8-helsinki-imatra\/\">15.8 Helsinki-Imatra<\/a><\/li>\n\t\t<li class=\"wsp-post\"><a href=\"https:\/\/petterihyryla.fi\/blog\/2019-8-lounaissuomeen\/14-8-bromarv-helsinki\/\">14.8 Bromarv-Helsinki<\/a><\/li>\n\t\t<li class=\"wsp-post\"><a href=\"https:\/\/petterihyryla.fi\/blog\/2019-8-lounaissuomeen\/13-8-naantali-bromarv\/\">13.8 Naantali- Bromarv<\/a><\/li>\n\t\t<li class=\"wsp-post\"><a href=\"https:\/\/petterihyryla.fi\/blog\/2019-8-lounaissuomeen\/12-8-turku-naantali\/\">12.8 Turku-Naantali<\/a><\/li>\n\t\t<li class=\"wsp-post\"><a href=\"https:\/\/petterihyryla.fi\/blog\/2019-8-lounaissuomeen\/11-8-turku\/\">11.8 Turku<\/a><\/li>\n\t\t<li class=\"wsp-post\"><a href=\"https:\/\/petterihyryla.fi\/blog\/2019-8-lounaissuomeen\/10-8-saariston-rengastie\/\">10.8 Saariston rengastie<\/a><\/li>\n\t\t<li class=\"wsp-post\"><a href=\"https:\/\/petterihyryla.fi\/blog\/2019-8-lounaissuomeen\/9-8-pori-kustavi\/\">9.8 Pori-Kustavi<\/a><\/li>\n\t\t<li class=\"wsp-post\"><a href=\"https:\/\/petterihyryla.fi\/blog\/2019-8-lounaissuomeen\/8-8-2019-kristiinankaupunki-pori\/\">8.8.2019 Kristiinankaupunki-Pori<\/a><\/li>\n\t\t<li class=\"wsp-post\"><a href=\"https:\/\/petterihyryla.fi\/blog\/2019-8-lounaissuomeen\/7-8-jyvaskyla-kristiinankaupunki\/\">7.8 Jyv\u00e4skyl\u00e4-Kristiinankaupunki<\/a><\/li>\n\t\t<li class=\"wsp-post\"><a href=\"https:\/\/petterihyryla.fi\/blog\/2019-8-lounaissuomeen\/6-8-imatra-jyvaskyla\/\">6.8 Imatra-Jyv\u00e4skyl\u00e4<\/a><\/li>\n\t\t<li class=\"wsp-post\"><a href=\"https:\/\/petterihyryla.fi\/blog\/2019-8-lounaissuomeen\/reittisuunnitelma-2019\/\">Reittisuunnitelma 2019<\/a><\/li>\n<\/ul><\/li>\n\t<li><strong class=\"wsp-category-title\"><a href=\"https:\/\/petterihyryla.fi\/blog\/category\/2020-6-keskisuomeen\/\">2020-6 KeskiSuomeen<\/a><\/strong>\n<ul class=\"wsp-posts-list\">\t\t<li class=\"wsp-post\"><a href=\"https:\/\/petterihyryla.fi\/blog\/2020-6-keskisuomeen\/toteutunut-reitti-3\/\">Toteutunut reitti ja kommentit<\/a><\/li>\n\t\t<li class=\"wsp-post\"><a href=\"https:\/\/petterihyryla.fi\/blog\/2020-6-keskisuomeen\/11-6-motopark-imatra\/\">11.6 Motopark-Imatra<\/a><\/li>\n\t\t<li class=\"wsp-post\"><a href=\"https:\/\/petterihyryla.fi\/blog\/2020-6-keskisuomeen\/10-6-sysma-motopark\/\">10.6 Sysm\u00e4-Motopark<\/a><\/li>\n\t\t<li class=\"wsp-post\"><a href=\"https:\/\/petterihyryla.fi\/blog\/2020-6-keskisuomeen\/9-6-imatra-sysma\/\">9.6 Imatra-Sysm\u00e4<\/a><\/li>\n\t\t<li class=\"wsp-post\"><a href=\"https:\/\/petterihyryla.fi\/blog\/2020-6-keskisuomeen\/reittisuunnitelma-2\/\">Reittisuunnitelma 2020<\/a><\/li>\n<\/ul><\/li>\n\t<li><strong class=\"wsp-category-title\"><a href=\"https:\/\/petterihyryla.fi\/blog\/category\/2021-8-kaakk-suomeen\/\">2021-8 Kaakk.Suomeen<\/a><\/strong>\n<ul class=\"wsp-posts-list\">\t\t<li class=\"wsp-post\"><a href=\"https:\/\/petterihyryla.fi\/blog\/2021-8-kaakk-suomeen\/toteutunut-reitti-ja-kommentit-2\/\">Toteutunut reitti ja kommentit<\/a><\/li>\n\t\t<li class=\"wsp-post\"><a href=\"https:\/\/petterihyryla.fi\/blog\/2021-8-kaakk-suomeen\/5-8-hamina-puumala\/\">5.8 Hamina-Puumala<\/a><\/li>\n\t\t<li class=\"wsp-post\"><a href=\"https:\/\/petterihyryla.fi\/blog\/2021-8-kaakk-suomeen\/4-8-porvoo-hamina\/\">4.8 Porvoo-Hamina<\/a><\/li>\n\t\t<li class=\"wsp-post\"><a href=\"https:\/\/petterihyryla.fi\/blog\/2021-8-kaakk-suomeen\/3-8-sysma-porvoo\/\">3.8 Sysm\u00e4-Porvoo<\/a><\/li>\n\t\t<li class=\"wsp-post\"><a href=\"https:\/\/petterihyryla.fi\/blog\/2021-8-kaakk-suomeen\/2-8-imatra-sysma\/\">2.8 Imatra-Sysm\u00e4<\/a><\/li>\n\t\t<li class=\"wsp-post\"><a href=\"https:\/\/petterihyryla.fi\/blog\/2021-8-kaakk-suomeen\/reittisuunnitelma-2021\/\">Reittisuunnitelma 2021<\/a><\/li>\n<\/ul><\/li>\n\t<li><strong class=\"wsp-category-title\"><a href=\"https:\/\/petterihyryla.fi\/blog\/category\/2022-8-hyvinkaalle\/\">2022-8 Hyvink\u00e4\u00e4lle<\/a><\/strong>\n<ul class=\"wsp-posts-list\">\t\t<li class=\"wsp-post\"><a href=\"https:\/\/petterihyryla.fi\/blog\/2022-8-hyvinkaalle\/toteutunut-reitti-4\/\">Toteutunut reitti<\/a><\/li>\n\t\t<li class=\"wsp-post\"><a href=\"https:\/\/petterihyryla.fi\/blog\/2022-8-hyvinkaalle\/2-8-hki-imatra\/\">2.8 Hki &#8211; Imatra<\/a><\/li>\n\t\t<li class=\"wsp-post\"><a href=\"https:\/\/petterihyryla.fi\/blog\/2022-8-hyvinkaalle\/1-8-imatra-hki\/\">1.8 Imatra &#8211; Hki<\/a><\/li>\n\t\t<li class=\"wsp-post\"><a href=\"https:\/\/petterihyryla.fi\/blog\/2022-8-hyvinkaalle\/hyvinkaalle-2022\/\">Hyvink\u00e4\u00e4lle<\/a><\/li>\n<\/ul><\/li>\n\t<li><strong class=\"wsp-category-title\"><a href=\"https:\/\/petterihyryla.fi\/blog\/category\/2023-6-ahvenistolle\/\">2023-6 Ahvenistolle<\/a><\/strong>\n<ul class=\"wsp-posts-list\">\t\t<li class=\"wsp-post\"><a href=\"https:\/\/petterihyryla.fi\/blog\/2023-6-ahvenistolle\/ahveniston-reittiyhteenveto\/\">Reittiyhteenveto<\/a><\/li>\n\t\t<li class=\"wsp-post\"><a href=\"https:\/\/petterihyryla.fi\/blog\/2023-6-ahvenistolle\/14-6-hameenlinna-imatra\/\">14.6 H\u00e4meenlinna-Imatra<\/a><\/li>\n\t\t<li class=\"wsp-post\"><a href=\"https:\/\/petterihyryla.fi\/blog\/2023-6-ahvenistolle\/13-6-ahvenistolla\/\">13.6 Ahvenistolla<\/a><\/li>\n\t\t<li class=\"wsp-post\"><a href=\"https:\/\/petterihyryla.fi\/blog\/2023-6-ahvenistolle\/12-6-imatra-hameenlinna\/\">12.6 Imatra-H\u00e4meenlinna<\/a><\/li>\n\t\t<li class=\"wsp-post\"><a href=\"https:\/\/petterihyryla.fi\/blog\/2023-6-ahvenistolle\/ahvenistolle\/\">Ahvenistolle<\/a><\/li>\n<\/ul><\/li>\n\t<li><strong class=\"wsp-category-title\"><a href=\"https:\/\/petterihyryla.fi\/blog\/category\/2023-8-lohjalle\/\">2023-8 Lohjalle<\/a><\/strong>\n<ul class=\"wsp-posts-list\">\t\t<li class=\"wsp-post\"><a href=\"https:\/\/petterihyryla.fi\/blog\/2023-8-lohjalle\/reittiyhteenveto\/\">Reittiyhteenveto<\/a><\/li>\n\t\t<li class=\"wsp-post\"><a href=\"https:\/\/petterihyryla.fi\/blog\/2023-8-lohjalle\/9-8-kotka-imatra\/\">9.8 Kotka &#8211; Imatra<\/a><\/li>\n\t\t<li class=\"wsp-post\"><a href=\"https:\/\/petterihyryla.fi\/blog\/2023-8-lohjalle\/8-8-imatra-kotka\/\">8.8 Imatra &#8211; Kotka<\/a><\/li>\n\t\t<li class=\"wsp-post\"><a href=\"https:\/\/petterihyryla.fi\/blog\/2023-8-lohjalle\/lohjaan\/\">Lohjalle<\/a><\/li>\n<\/ul><\/li>\n\t<li><strong class=\"wsp-category-title\"><a href=\"https:\/\/petterihyryla.fi\/blog\/category\/2023-9-jamsaan\/\">2023-9 J\u00e4ms\u00e4\u00e4n<\/a><\/strong>\n<ul class=\"wsp-posts-list\">\t\t<li class=\"wsp-post\"><a href=\"https:\/\/petterihyryla.fi\/blog\/2023-9-jamsaan\/reittiyhteenveto-2\/\">Reittiyhteenveto<\/a><\/li>\n\t\t<li class=\"wsp-post\"><a href=\"https:\/\/petterihyryla.fi\/blog\/2023-9-jamsaan\/12-9-lahti-imatra\/\">12.9 Lahti Imatra<\/a><\/li>\n\t\t<li class=\"wsp-post\"><a href=\"https:\/\/petterihyryla.fi\/blog\/2023-9-jamsaan\/11-9-imatra-lahti\/\">11.9 Imatra &#8211; Lahti<\/a><\/li>\n\t\t<li class=\"wsp-post\"><a href=\"https:\/\/petterihyryla.fi\/blog\/2023-9-jamsaan\/jamsaan\/\">J\u00e4ms\u00e4\u00e4n<\/a><\/li>\n<\/ul><\/li>\n\t<li><strong class=\"wsp-category-title\"><a href=\"https:\/\/petterihyryla.fi\/blog\/category\/2024-4-saksaanaut\/\">2024-4 SaksaanAut<\/a><\/strong>\n<ul class=\"wsp-posts-list\">\t\t<li class=\"wsp-post\"><a href=\"https:\/\/petterihyryla.fi\/blog\/2024-4-saksaanaut\/14-8-svolvaer-moskenes\/\">14.8 Svolv\u00e6r -Moskenes<\/a><\/li>\n\t\t<li class=\"wsp-post\"><a href=\"https:\/\/petterihyryla.fi\/blog\/2024-4-saksaanaut\/toteutunut-reitti-ja-loppupaatelmat-4\/\">Toteutunut reitti ja loppup\u00e4\u00e4telm\u00e4t<\/a><\/li>\n\t\t<li class=\"wsp-post\"><a href=\"https:\/\/petterihyryla.fi\/blog\/2024-4-saksaanaut\/23-4-vuosaari-imatra\/\">23.4 Vuosaari &#8211; Imatra<\/a><\/li>\n\t\t<li class=\"wsp-post\"><a href=\"https:\/\/petterihyryla.fi\/blog\/2024-4-saksaanaut\/22-4-laivassa\/\">22.4 Laivassa<\/a><\/li>\n\t\t<li class=\"wsp-post\"><a href=\"https:\/\/petterihyryla.fi\/blog\/2024-4-saksaanaut\/21-4-hampuri-travemunde\/\">21.4 Hampuri &#8211; Travem\u00fcnde<\/a><\/li>\n\t\t<li class=\"wsp-post\"><a href=\"https:\/\/petterihyryla.fi\/blog\/2024-4-saksaanaut\/20-4-hampuri\/\">20.4 Hampuri<\/a><\/li>\n\t\t<li class=\"wsp-post\"><a href=\"https:\/\/petterihyryla.fi\/blog\/2024-4-saksaanaut\/19-4-berlin-hamburg\/\">19.4 Berlin &#8211; Hamburg<\/a><\/li>\n\t\t<li class=\"wsp-post\"><a href=\"https:\/\/petterihyryla.fi\/blog\/2024-4-saksaanaut\/18-4-berliini\/\">18.4 Berliini<\/a><\/li>\n\t\t<li class=\"wsp-post\"><a href=\"https:\/\/petterihyryla.fi\/blog\/2024-4-saksaanaut\/17-4-wroclaw-berliini-d\/\">17.4 Wroclaw &#8211; Berliini (D)<\/a><\/li>\n\t\t<li class=\"wsp-post\"><a href=\"https:\/\/petterihyryla.fi\/blog\/2024-4-saksaanaut\/16-4-meissen-wroclaw-pl\/\">16.4 Meissen &#8211; Wroclaw (PL)<\/a><\/li>\n\t\t<li class=\"wsp-post\"><a href=\"https:\/\/petterihyryla.fi\/blog\/2024-4-saksaanaut\/15-4-bamberg-meissen\/\">15.4 Bamberg &#8211; Meissen<\/a><\/li>\n\t\t<li class=\"wsp-post\"><a href=\"https:\/\/petterihyryla.fi\/blog\/2024-4-saksaanaut\/14-4-heidelberg-bamberg\/\">14.4 Heidelberg &#8211; Bamberg<\/a><\/li>\n\t\t<li class=\"wsp-post\"><a href=\"https:\/\/petterihyryla.fi\/blog\/2024-4-saksaanaut\/13-4-trier-heidelberg\/\">13.4 Trier &#8211; Heidelberg<\/a><\/li>\n\t\t<li class=\"wsp-post\"><a href=\"https:\/\/petterihyryla.fi\/blog\/2024-4-saksaanaut\/12-4-trier\/\">12.4 Trier<\/a><\/li>\n\t\t<li class=\"wsp-post\"><a href=\"https:\/\/petterihyryla.fi\/blog\/2024-4-saksaanaut\/11-4-dusseldorf-trier\/\">11.4 D\u00fcsseldorf &#8211; Trier<\/a><\/li>\n\t\t<li class=\"wsp-post\"><a href=\"https:\/\/petterihyryla.fi\/blog\/2024-4-saksaanaut\/10-4-stade-dusseldorf\/\">10.4 Stade &#8211; D\u00fcsseldorf<\/a><\/li>\n\t\t<li class=\"wsp-post\"><a href=\"https:\/\/petterihyryla.fi\/blog\/2024-4-saksaanaut\/9-4-lubeck-stade\/\">9.4 Lubeck &#8211; Stade<\/a><\/li>\n\t\t<li class=\"wsp-post\"><a href=\"https:\/\/petterihyryla.fi\/blog\/2024-4-saksaanaut\/8-4-laivalla\/\">8.4 Laivalla<\/a><\/li>\n\t\t<li class=\"wsp-post\"><a href=\"https:\/\/petterihyryla.fi\/blog\/2024-4-saksaanaut\/7-4-imatra-laivaan\/\">7.4 Imatra &#8211; Traven laiva<\/a><\/li>\n\t\t<li class=\"wsp-post\"><a href=\"https:\/\/petterihyryla.fi\/blog\/2024-4-saksaanaut\/autolla-saksaan\/\">Autolla Saksaan<\/a><\/li>\n<\/ul><\/li>\n\t<li><strong class=\"wsp-category-title\"><a href=\"https:\/\/petterihyryla.fi\/blog\/category\/2024-8-lofooteilleaut\/\">2024-8 LofooteilleAut<\/a><\/strong>\n<ul class=\"wsp-posts-list\">\t\t<li class=\"wsp-post\"><a href=\"https:\/\/petterihyryla.fi\/blog\/2024-8-lofooteilleaut\/reittiyhteenveto-3\/\">Reittiyhteenveto<\/a><\/li>\n\t\t<li class=\"wsp-post\"><a href=\"https:\/\/petterihyryla.fi\/blog\/2024-8-lofooteilleaut\/20-8-jyvaskyla-imatra\/\">20.8 Jyv\u00e4skyl\u00e4 &#8211; Imatra<\/a><\/li>\n\t\t<li class=\"wsp-post\"><a href=\"https:\/\/petterihyryla.fi\/blog\/2024-8-lofooteilleaut\/19-8-vaasa-jyvaskyla\/\">19.8 Vaasa . Jyv\u00e4skyl\u00e4<\/a><\/li>\n\t\t<li class=\"wsp-post\"><a href=\"https:\/\/petterihyryla.fi\/blog\/2024-8-lofooteilleaut\/18-8-uumaja-vaasa-fi\/\">18.8 Uumaja &#8211; Vaasa (FI)<\/a><\/li>\n\t\t<li class=\"wsp-post\"><a href=\"https:\/\/petterihyryla.fi\/blog\/2024-8-lofooteilleaut\/17-8-mo-i-rana-lulea-s\/\">17.8 Mo i Rana &#8211; Uumaja (S)<\/a><\/li>\n\t\t<li class=\"wsp-post\"><a href=\"https:\/\/petterihyryla.fi\/blog\/2024-8-lofooteilleaut\/16-8-bodo-mo-i-rana\/\">16.8 Bodo &#8211; Mo i Rana<\/a><\/li>\n\t\t<li class=\"wsp-post\"><a href=\"https:\/\/petterihyryla.fi\/blog\/2024-8-lofooteilleaut\/15-8-moskenes-bodo\/\">15.8 Moskenes &#8211; Bodo<\/a><\/li>\n\t\t<li class=\"wsp-post\"><a href=\"https:\/\/petterihyryla.fi\/blog\/2024-8-lofooteilleaut\/13-8-svolvar\/\">13.8 Svolv\u00e6r<\/a><\/li>\n\t\t<li class=\"wsp-post\"><a href=\"https:\/\/petterihyryla.fi\/blog\/2024-8-lofooteilleaut\/12-8-narvik-svolvaer\/\">12.8 Narvik &#8211; Svolv\u00e6r<\/a><\/li>\n\t\t<li class=\"wsp-post\"><a href=\"https:\/\/petterihyryla.fi\/blog\/2024-8-lofooteilleaut\/11-8-kiiruna-narvik-no\/\">11.8 Kiiruna &#8211; Narvik (NO)<\/a><\/li>\n\t\t<li class=\"wsp-post\"><a href=\"https:\/\/petterihyryla.fi\/blog\/2024-8-lofooteilleaut\/10-8-oulu-kiiruna-se\/\">10.8 Oulu &#8211; Kiiruna (SE)<\/a><\/li>\n\t\t<li class=\"wsp-post\"><a href=\"https:\/\/petterihyryla.fi\/blog\/2024-8-lofooteilleaut\/9-8-puumala-oulu\/\">9.8 Puumala &#8211; Oulu<\/a><\/li>\n<\/ul><\/li>\n<\/ul>\n<\/div>\n","protected":false},"excerpt":{"rendered":"","protected":false},"author":4,"featured_media":0,"parent":0,"menu_order":0,"comment_status":"closed","ping_status":"closed","template":"","meta":{"footnotes":""},"class_list":["post-3679","page","type-page","status-publish","hentry"],"_links":{"self":[{"href":"https:\/\/petterihyryla.fi\/blog\/wp-json\/wp\/v2\/pages\/3679","targetHints":{"allow":["GET"]}}],"collection":[{"href":"https:\/\/petterihyryla.fi\/blog\/wp-json\/wp\/v2\/pages"}],"about":[{"href":"https:\/\/petterihyryla.fi\/blog\/wp-json\/wp\/v2\/types\/page"}],"author":[{"embeddable":true,"href":"https:\/\/petterihyryla.fi\/blog\/wp-json\/wp\/v2\/users\/4"}],"replies":[{"embeddable":true,"href":"https:\/\/petterihyryla.fi\/blog\/wp-json\/wp\/v2\/comments?post=3679"}],"version-history":[{"count":16,"href":"https:\/\/petterihyryla.fi\/blog\/wp-json\/wp\/v2\/pages\/3679\/revisions"}],"predecessor-version":[{"id":3696,"href":"https:\/\/petterihyryla.fi\/blog\/wp-json\/wp\/v2\/pages\/3679\/revisions\/3696"}],"wp:attachment":[{"href":"https:\/\/petterihyryla.fi\/blog\/wp-json\/wp\/v2\/media?parent=3679"}],"curies":[{"name":"wp","href":"https:\/\/api.w.org\/{rel}","templated":true}]}}